{"id":11,"date":"2014-05-07T07:24:03","date_gmt":"2014-05-07T05:24:03","guid":{"rendered":"http:\/\/www.stahleckerhof.de\/?page_id=11"},"modified":"2014-05-14T11:54:23","modified_gmt":"2014-05-14T09:54:23","slug":"stahlecker-hof","status":"publish","type":"page","link":"https:\/\/www.stahleckerhof.de\/en\/stahlecker-hof\/","title":{"rendered":"Stahlecker Hof"},"content":{"rendered":"\n<div id=\"fbuilder_wrapper\" class=\"dc-startseite\">\n<div id=\"fbuilder_content_wrapper\">\n<div id=\"fbuilder_content\">\n<div data-rowtype=\"2\" data-rowid=\"1\" class=\"fbuilder_row\">\n<div>\n<div data-colnumber=\"0\" class=\"fbuilder_column fbuilder_column-1-3\"><\/div>\n<div data-colnumber=\"1\" class=\"fbuilder_column fbuilder_column-1-3\">\n<div class=\"fbuilder_module\" data-shortcode=\"image\" data-modid=\"2\">\n<div class=\"\" style=\"padding-bottom:25px !important;\">\n<div class=\"frb_image\" style=\"border-color:#376a6e; \" data-bordercolor=\"#376a6e\" data-borderhover=\"#27a8e1\"><a class=\"\" href=http:\/\/www.stahleckerhof.de\/regionale-kueche-geniessen\/><span class=\"frb_image_inner\"><img decoding=\"async\" src=\"http:\/\/www.dcneu.de\/wordpress\/wp-content\/uploads\/2014\/05\/47_Stahleckerhof_Lammbraten_4-14.jpg\" alt=\"\" \/><span class=\"frb_image_hover\"><\/span><i class=\"fawesome icon-random\" style=\"line-height:19px; font-size:19px; height:19px; width:19px; margin:-9.5px \"><\/i><\/span><\/a><\/div>\n<\/div>\n<\/div>\n<\/div>\n<div data-colnumber=\"2\" class=\"fbuilder_column fbuilder_column-1-3\">\n<div class=\"fbuilder_module\" data-shortcode=\"image\" data-modid=\"3\">\n<div class=\"\" style=\"padding-bottom:25px !important;\">\n<div class=\"frb_image\" style=\"border-color:#376a6e; \" data-bordercolor=\"#376a6e\" data-borderhover=\"#27a8e1\"><a class=\"\" href=http:\/\/www.stahleckerhof.de\/gaestezimmer-uebernachtungen\/><span class=\"frb_image_inner\"><img decoding=\"async\" src=\"http:\/\/www.dcneu.de\/wordpress\/wp-content\/uploads\/2014\/05\/gaestezimmer-startseite.jpg\" alt=\"\" \/><span class=\"frb_image_hover\"><\/span><i class=\"fawesome icon-random\" style=\"line-height:20px; font-size:20px; height:20px; width:20px; margin:-10px \"><\/i><\/span><\/a><\/div>\n<\/div>\n<\/div>\n<\/div>\n<div style=\"clear:both;\"><\/div>\n<\/div>\n<\/div>\n<div data-rowtype=\"4\" data-rowid=\"2\" class=\"fbuilder_row\">\n<div>\n<div data-colnumber=\"0\" class=\"fbuilder_column fbuilder_column-2-3\">\n<div class=\"fbuilder_module\" data-shortcode=\"text\" data-modid=\"0\">\n<div class=\"\" style=\"padding-bottom:24px !important; text-align:left\">\n<div class=\"frb_text dc-text-links-125\">\n<p>Der <strong>Landgasthof Stahlecker Hof<\/strong> ist schon seit Generationen ein beliebtes und bekanntes Ausflugsziel. Idyllisch gelegen, am Eingang zum <strong>Biosph\u00e4rengebiet Schw\u00e4bische Alb<\/strong>, zwischen Lichtenstein-Holzelfingen und St. Johann-Ohnastetten.<\/p>\n<p>Bei uns findet nicht nur der knurrende Magen sein <strong>Vesper<\/strong>, Genie\u00dfer die <strong><a href=\"http:\/\/www.stahleckerhof.de\/regionale-kueche-geniessen\/\" title=\"zur Speisekarte \">Spezialit\u00e4ten aus der Region<\/a><\/strong> und Ausfl\u00fcgler ihre Erholung bei <strong>Kaffee und Kuchen<\/strong>. Bei uns k\u00f6nnen Sie auch feste Feiern, in den verschiedenen Gastr\u00e4umen mit insgesamt 170 Sitzpl\u00e4tzen.<\/p>\n<p>Oder Sie genie\u00dfen die Landschaft von der <strong>windgesch\u00fctzen Terrasse<\/strong> mit ca. 100 Sitzpl\u00e4tzen. Selbstverst\u00e4ndlich haben wir ausreichend Parkpl\u00e4tze \u2013 auch f\u00fcr Busse \u2013 und falls Sie gar nicht mehr weg wollen, dann stehen Ihnen 13 <a title=\"G\u00e4stezimmer im  Stahlecker Hof\" href=\"http:\/\/www.stahleckerhof.de\/gaestezimmer-uebernachtungen\/\"><strong>G\u00e4stezimmer<\/strong><\/a> zur Verf\u00fcgung.<\/p>\n<p>Wann d\u00fcrfen wir Sie den \u00bbauf\u2019m Stahleck\u00ab begr\u00fc\u00dfen?<\/p>\n<p><b> Tischreservierungen unter Telefon 07122-9427<\/b><\/p>\n<\/p>\n<\/p>\n<\/div>\n<\/div>\n<\/div>\n<\/div>\n<div data-colnumber=\"1\" class=\"fbuilder_column fbuilder_column-1-3\">\n<div class=\"fbuilder_module\" data-shortcode=\"text\" data-modid=\"5\">\n<div class=\"\" style=\"padding-bottom:24px !important; text-align:left\">\n<div class=\"frb_text\">\n<style type='text\/css'>\n\t\t\t#gallery-1 {\n\t\t\t\tmargin: auto;\n\t\t\t}\n\t\t\t#gallery-1 .gallery-item {\n\t\t\t\tfloat: left;\n\t\t\t\tmargin-top: 10px;\n\t\t\t\ttext-align: center;\n\t\t\t\twidth: 50%;\n\t\t\t}\n\t\t\t#gallery-1 img {\n\t\t\t\tborder: 2px solid #cfcfcf;\n\t\t\t}\n\t\t\t#gallery-1 .gallery-caption {\n\t\t\t\tmargin-left: 0;\n\t\t\t}\n\t\t\t\/* see gallery_shortcode() in wp-includes\/media.php *\/\n\t\t<\/style>\n<div id='gallery-1' class='gallery galleryid-0 gallery-columns-2 gallery-size-thumbnail'>\n<dl class='gallery-item'>\n<dt class='gallery-icon landscape'>\n\t\t\t\t<a href=\"http:\/\/www.dcneu.de\/wordpress\/wp-content\/uploads\/2014\/05\/32_Stahleck_4-141.jpg\" rel=\"lightbox[gallery-1]\" data-rel=\"lightbox-gallery-XcsRtU5a\" data-rl_title=\"\" data-rl_caption=\"\" title=\"\"><img loading=\"lazy\" decoding=\"async\" width=\"150\" height=\"150\" src=\"http:\/\/www.dcneu.de\/wordpress\/wp-content\/uploads\/2014\/05\/32_Stahleck_4-141-150x150.jpg\" class=\"attachment-thumbnail\" alt=\"Stahlecker Hof - Gartenterrasse\" \/><\/a>\n\t\t\t<\/dt>\n<\/dl>\n<dl class='gallery-item'>\n<dt class='gallery-icon landscape'>\n\t\t\t\t<a href=\"http:\/\/www.dcneu.de\/wordpress\/wp-content\/uploads\/2014\/05\/tagen-und-feiern-startseite.jpg\" rel=\"lightbox[gallery-1]\" data-rel=\"lightbox-gallery-XcsRtU5a\" data-rl_title=\"\" data-rl_caption=\"\" title=\"\"><img loading=\"lazy\" decoding=\"async\" width=\"150\" height=\"150\" src=\"http:\/\/www.dcneu.de\/wordpress\/wp-content\/uploads\/2014\/05\/tagen-und-feiern-startseite-150x150.jpg\" class=\"attachment-thumbnail\" alt=\"tagen-und-feiern-startseite\" \/><\/a>\n\t\t\t<\/dt>\n<\/dl>\n<p><br style=\"clear: both\" \/><\/p>\n<dl class='gallery-item'>\n<dt class='gallery-icon landscape'>\n\t\t\t\t<a href=\"http:\/\/www.dcneu.de\/wordpress\/wp-content\/uploads\/2014\/05\/05alt_Stahlecker-Hof-Eingansseite_6-3-14.jpg\" rel=\"lightbox[gallery-1]\" data-rel=\"lightbox-gallery-XcsRtU5a\" data-rl_title=\"\" data-rl_caption=\"\" title=\"\"><img loading=\"lazy\" decoding=\"async\" width=\"150\" height=\"150\" src=\"http:\/\/www.dcneu.de\/wordpress\/wp-content\/uploads\/2014\/05\/05alt_Stahlecker-Hof-Eingansseite_6-3-14-150x150.jpg\" class=\"attachment-thumbnail\" alt=\"05alt_Stahlecker-Hof-Eingansseite_6-3-14\" \/><\/a>\n\t\t\t<\/dt>\n<\/dl>\n<dl class='gallery-item'>\n<dt class='gallery-icon landscape'>\n\t\t\t\t<a href=\"http:\/\/www.dcneu.de\/wordpress\/wp-content\/uploads\/2014\/05\/17_Stahleck_4-14.jpg\" rel=\"lightbox[gallery-1]\" data-rel=\"lightbox-gallery-XcsRtU5a\" data-rl_title=\"\" data-rl_caption=\"\" title=\"\"><img loading=\"lazy\" decoding=\"async\" width=\"150\" height=\"150\" src=\"http:\/\/www.dcneu.de\/wordpress\/wp-content\/uploads\/2014\/05\/17_Stahleck_4-14-150x150.jpg\" class=\"attachment-thumbnail\" alt=\"17_Stahleck_4-14\" \/><\/a>\n\t\t\t<\/dt>\n<\/dl>\n<p><br style=\"clear: both\" \/>\n\t\t<\/div>\n<\/div>\n<\/div>\n<\/div>\n<\/div>\n<div style=\"clear:both;\"><\/div>\n<\/div>\n<\/div><\/div>\n<div style=\"clear:both\"><\/div>\n<\/p><\/div>\n<div style=\"clear:both\"><\/div>\n<\/p><\/div>\n","protected":false},"excerpt":{"rendered":"<p>Der Landgasthof Stahlecker Hof ist schon seit Generationen ein beliebtes und bekanntes Ausflugsziel. Idyllisch gelegen, am Eingang zum Biosph\u00e4rengebiet Schw\u00e4bische Alb, zwischen Lichtenstein-Holzelfingen und St. Johann-Ohnastetten. Bei uns findet nicht nur der knurrende Magen sein Vesper, Genie\u00dfer die Spezialit\u00e4ten aus der Region und Ausfl\u00fcgler ihre Erholung bei Kaffee und Kuchen. Bei uns k\u00f6nnen Sie auch [&hellip;]<\/p>\n","protected":false},"author":1,"featured_media":0,"parent":0,"menu_order":0,"comment_status":"closed","ping_status":"open","template":"","meta":{"footnotes":""},"class_list":["post-11","page","type-page","status-publish","hentry"],"yoast_head":"<!-- This site is optimized with the Yoast SEO plugin v26.6 - https:\/\/yoast.com\/wordpress\/plugins\/seo\/ -->\n<title>Stahlecker Hof -<\/title>\n<meta name=\"robots\" content=\"index, follow, max-snippet:-1, max-image-preview:large, max-video-preview:-1\" \/>\n<link rel=\"canonical\" href=\"https:\/\/www.stahleckerhof.de\/stahlecker-hof\/\" \/>\n<meta property=\"og:locale\" content=\"en_US\" \/>\n<meta property=\"og:type\" content=\"article\" \/>\n<meta property=\"og:title\" content=\"Stahlecker Hof -\" \/>\n<meta property=\"og:description\" content=\"Der Landgasthof Stahlecker Hof ist schon seit Generationen ein beliebtes und bekanntes Ausflugsziel. Idyllisch gelegen, am Eingang zum Biosph\u00e4rengebiet Schw\u00e4bische Alb, zwischen Lichtenstein-Holzelfingen und St. Johann-Ohnastetten. Bei uns findet nicht nur der knurrende Magen sein Vesper, Genie\u00dfer die Spezialit\u00e4ten aus der Region und Ausfl\u00fcgler ihre Erholung bei Kaffee und Kuchen. Bei uns k\u00f6nnen Sie auch [&hellip;]\" \/>\n<meta property=\"og:url\" content=\"https:\/\/www.stahleckerhof.de\/stahlecker-hof\/\" \/>\n<meta property=\"article:modified_time\" content=\"2014-05-14T09:54:23+00:00\" \/>\n<meta property=\"og:image\" content=\"http:\/\/www.dcneu.de\/wordpress\/wp-content\/uploads\/2014\/05\/47_Stahleckerhof_Lammbraten_4-14.jpg\" \/>\n<meta name=\"twitter:card\" content=\"summary_large_image\" \/>\n<meta name=\"twitter:label1\" content=\"Est. reading time\" \/>\n\t<meta name=\"twitter:data1\" content=\"1 minute\" \/>\n<script type=\"application\/ld+json\" class=\"yoast-schema-graph\">{\"@context\":\"https:\/\/schema.org\",\"@graph\":[{\"@type\":\"WebPage\",\"@id\":\"https:\/\/www.stahleckerhof.de\/stahlecker-hof\/\",\"url\":\"https:\/\/www.stahleckerhof.de\/stahlecker-hof\/\",\"name\":\"Stahlecker Hof -\",\"isPartOf\":{\"@id\":\"https:\/\/www.stahleckerhof.de\/#website\"},\"primaryImageOfPage\":{\"@id\":\"https:\/\/www.stahleckerhof.de\/stahlecker-hof\/#primaryimage\"},\"image\":{\"@id\":\"https:\/\/www.stahleckerhof.de\/stahlecker-hof\/#primaryimage\"},\"thumbnailUrl\":\"http:\/\/www.dcneu.de\/wordpress\/wp-content\/uploads\/2014\/05\/47_Stahleckerhof_Lammbraten_4-14.jpg\",\"datePublished\":\"2014-05-07T05:24:03+00:00\",\"dateModified\":\"2014-05-14T09:54:23+00:00\",\"breadcrumb\":{\"@id\":\"https:\/\/www.stahleckerhof.de\/stahlecker-hof\/#breadcrumb\"},\"inLanguage\":\"en-US\",\"potentialAction\":[{\"@type\":\"ReadAction\",\"target\":[\"https:\/\/www.stahleckerhof.de\/stahlecker-hof\/\"]}]},{\"@type\":\"ImageObject\",\"inLanguage\":\"en-US\",\"@id\":\"https:\/\/www.stahleckerhof.de\/stahlecker-hof\/#primaryimage\",\"url\":\"http:\/\/www.dcneu.de\/wordpress\/wp-content\/uploads\/2014\/05\/47_Stahleckerhof_Lammbraten_4-14.jpg\",\"contentUrl\":\"http:\/\/www.dcneu.de\/wordpress\/wp-content\/uploads\/2014\/05\/47_Stahleckerhof_Lammbraten_4-14.jpg\"},{\"@type\":\"BreadcrumbList\",\"@id\":\"https:\/\/www.stahleckerhof.de\/stahlecker-hof\/#breadcrumb\",\"itemListElement\":[{\"@type\":\"ListItem\",\"position\":1,\"name\":\"Home\",\"item\":\"https:\/\/www.stahleckerhof.de\/\"},{\"@type\":\"ListItem\",\"position\":2,\"name\":\"Stahlecker Hof\"}]},{\"@type\":\"WebSite\",\"@id\":\"https:\/\/www.stahleckerhof.de\/#website\",\"url\":\"https:\/\/www.stahleckerhof.de\/\",\"name\":\"\",\"description\":\"\",\"potentialAction\":[{\"@type\":\"SearchAction\",\"target\":{\"@type\":\"EntryPoint\",\"urlTemplate\":\"https:\/\/www.stahleckerhof.de\/?s={search_term_string}\"},\"query-input\":{\"@type\":\"PropertyValueSpecification\",\"valueRequired\":true,\"valueName\":\"search_term_string\"}}],\"inLanguage\":\"en-US\"}]}<\/script>\n<!-- \/ Yoast SEO plugin. -->","yoast_head_json":{"title":"Stahlecker Hof -","robots":{"index":"index","follow":"follow","max-snippet":"max-snippet:-1","max-image-preview":"max-image-preview:large","max-video-preview":"max-video-preview:-1"},"canonical":"https:\/\/www.stahleckerhof.de\/stahlecker-hof\/","og_locale":"en_US","og_type":"article","og_title":"Stahlecker Hof -","og_description":"Der Landgasthof Stahlecker Hof ist schon seit Generationen ein beliebtes und bekanntes Ausflugsziel. Idyllisch gelegen, am Eingang zum Biosph\u00e4rengebiet Schw\u00e4bische Alb, zwischen Lichtenstein-Holzelfingen und St. Johann-Ohnastetten. Bei uns findet nicht nur der knurrende Magen sein Vesper, Genie\u00dfer die Spezialit\u00e4ten aus der Region und Ausfl\u00fcgler ihre Erholung bei Kaffee und Kuchen. Bei uns k\u00f6nnen Sie auch [&hellip;]","og_url":"https:\/\/www.stahleckerhof.de\/stahlecker-hof\/","article_modified_time":"2014-05-14T09:54:23+00:00","og_image":[{"url":"http:\/\/www.dcneu.de\/wordpress\/wp-content\/uploads\/2014\/05\/47_Stahleckerhof_Lammbraten_4-14.jpg","type":"","width":"","height":""}],"twitter_card":"summary_large_image","twitter_misc":{"Est. reading time":"1 minute"},"schema":{"@context":"https:\/\/schema.org","@graph":[{"@type":"WebPage","@id":"https:\/\/www.stahleckerhof.de\/stahlecker-hof\/","url":"https:\/\/www.stahleckerhof.de\/stahlecker-hof\/","name":"Stahlecker Hof -","isPartOf":{"@id":"https:\/\/www.stahleckerhof.de\/#website"},"primaryImageOfPage":{"@id":"https:\/\/www.stahleckerhof.de\/stahlecker-hof\/#primaryimage"},"image":{"@id":"https:\/\/www.stahleckerhof.de\/stahlecker-hof\/#primaryimage"},"thumbnailUrl":"http:\/\/www.dcneu.de\/wordpress\/wp-content\/uploads\/2014\/05\/47_Stahleckerhof_Lammbraten_4-14.jpg","datePublished":"2014-05-07T05:24:03+00:00","dateModified":"2014-05-14T09:54:23+00:00","breadcrumb":{"@id":"https:\/\/www.stahleckerhof.de\/stahlecker-hof\/#breadcrumb"},"inLanguage":"en-US","potentialAction":[{"@type":"ReadAction","target":["https:\/\/www.stahleckerhof.de\/stahlecker-hof\/"]}]},{"@type":"ImageObject","inLanguage":"en-US","@id":"https:\/\/www.stahleckerhof.de\/stahlecker-hof\/#primaryimage","url":"http:\/\/www.dcneu.de\/wordpress\/wp-content\/uploads\/2014\/05\/47_Stahleckerhof_Lammbraten_4-14.jpg","contentUrl":"http:\/\/www.dcneu.de\/wordpress\/wp-content\/uploads\/2014\/05\/47_Stahleckerhof_Lammbraten_4-14.jpg"},{"@type":"BreadcrumbList","@id":"https:\/\/www.stahleckerhof.de\/stahlecker-hof\/#breadcrumb","itemListElement":[{"@type":"ListItem","position":1,"name":"Home","item":"https:\/\/www.stahleckerhof.de\/"},{"@type":"ListItem","position":2,"name":"Stahlecker Hof"}]},{"@type":"WebSite","@id":"https:\/\/www.stahleckerhof.de\/#website","url":"https:\/\/www.stahleckerhof.de\/","name":"","description":"","potentialAction":[{"@type":"SearchAction","target":{"@type":"EntryPoint","urlTemplate":"https:\/\/www.stahleckerhof.de\/?s={search_term_string}"},"query-input":{"@type":"PropertyValueSpecification","valueRequired":true,"valueName":"search_term_string"}}],"inLanguage":"en-US"}]}},"_links":{"self":[{"href":"https:\/\/www.stahleckerhof.de\/en\/wp-json\/wp\/v2\/pages\/11","targetHints":{"allow":["GET"]}}],"collection":[{"href":"https:\/\/www.stahleckerhof.de\/en\/wp-json\/wp\/v2\/pages"}],"about":[{"href":"https:\/\/www.stahleckerhof.de\/en\/wp-json\/wp\/v2\/types\/page"}],"author":[{"embeddable":true,"href":"https:\/\/www.stahleckerhof.de\/en\/wp-json\/wp\/v2\/users\/1"}],"replies":[{"embeddable":true,"href":"https:\/\/www.stahleckerhof.de\/en\/wp-json\/wp\/v2\/comments?post=11"}],"version-history":[{"count":0,"href":"https:\/\/www.stahleckerhof.de\/en\/wp-json\/wp\/v2\/pages\/11\/revisions"}],"wp:attachment":[{"href":"https:\/\/www.stahleckerhof.de\/en\/wp-json\/wp\/v2\/media?parent=11"}],"curies":[{"name":"wp","href":"https:\/\/api.w.org\/{rel}","templated":true}]}}