{"id":276,"date":"2014-05-15T17:28:07","date_gmt":"2014-05-15T15:28:07","guid":{"rendered":"http:\/\/www.stahleckerhof.de\/?page_id=276"},"modified":"2026-03-18T16:08:50","modified_gmt":"2026-03-18T14:08:50","slug":"test2","status":"publish","type":"page","link":"https:\/\/www.stahleckerhof.de\/en\/","title":{"rendered":"A delight on the Swabian Alb"},"content":{"rendered":"<p>&nbsp;<\/p>\n<div>\n<div style=\"clear: both;\"><div class=\"tx-row \">\n<div class=\"tx-column tx-column-size-\">\n<div id=\"attachment_79\" class=\"wp-caption aligncenter\" style=\"width: 160px;\"><a href=\"https:\/\/www.stahleckerhof.de\/kiosk-speisekarte\/\"><img loading=\"lazy\" decoding=\"async\" class=\"size-thumbnail wp-image-79\" title=\" Enjoy Swabian cuisine at Stahlecker Hof\" src=\"https:\/\/www.stahleckerhof.de\/wordpress\/wp-content\/uploads\/2014\/05\/47_Stahleckerhof_Lammbraten_4-14.jpg\" alt=\"Enjoy Swabian cuisine at Stahlecker Hof\" width=\"150\" height=\"150\" aria-describedby=\"caption-attachment-79\" \/> <br \/>\nFood<\/a><\/div>\n<\/div>\n<div class=\"tx-column tx-column-size-\">\n<div id=\"attachment_1085\" class=\"wp-caption aligncenter\" style=\"width: 160px;\"><a href=\"https:\/\/www.stahleckerhof.de\/gaestezimmer-uebernachtungen\/\"><img loading=\"lazy\" decoding=\"async\" class=\"wp-image-1085 size-thumbnail\" title=\"Hotel Stahlecker Hof\" src=\"https:\/\/www.stahleckerhof.de\/wordpress\/wp-content\/uploads\/2016\/02\/gaestezimmer_doppelbett_stahlecker_hof-150x150.jpg\" alt=\"G\u00e4stezimmer im Stahlecker Hof\" width=\"150\" height=\"150\" aria-describedby=\"caption-attachment-1085\" \/><\/a><br \/>\n<a title=\"\u00dcbernachten auf dem Stahlecker Hof\" href=\"https:\/\/www.stahleckerhof.de\/gaestezimmer-uebernachtungen\/\">Hotel<\/a><\/div>\n<\/div>\n<div class=\"tx-column tx-column-size-\">\n<div id=\"attachment_1085\" class=\"wp-caption aligncenter\" style=\"width: 160px;\"><a title=\"Stahlecker Hof - Schwaebische Alb Ehrengasthaus\" href=\"https:\/\/www.stahleckerhof.de\/en\/gaestezimmer-online-buchen\/\" target=\"_blank\" rel=\"noopener noreferrer\"><img loading=\"lazy\" decoding=\"async\" class=\"aligncenter wp-image-1885 size-full\" src=\"https:\/\/www.stahleckerhof.de\/wordpress\/wp-content\/uploads\/2020\/01\/online-reservieren_en.jpg\" alt=\"\" width=\"150\" height=\"180\" \/><\/a><\/div>\n<\/div>\n<div class=\"tx-column tx-column-size-\">\n<div id=\"attachment_409\" class=\"wp-caption aligncenter\" style=\"width: 160px;\"><a href=\"https:\/\/www.stahleckerhof.de\/grillhuette\/\"><img loading=\"lazy\" decoding=\"async\" class=\"aligncenter size-full wp-image-852\" src=\"https:\/\/www.stahleckerhof.de\/wordpress\/wp-content\/uploads\/2019\/01\/grillhuette-2018-21.jpg\" alt=\"BBQ\" width=\"150\" height=\"150\" aria-describedby=\"caption-attachment-409\" \/><\/a><br \/>\n<a title=\"BBQ - Stahlecker Hof\" href=\"https:\/\/www.stahleckerhof.de\/grillhuette\/\">BBQ<\/a><\/div>\n<\/div>\n<div class=\"tx-column tx-column-size-\">\n<div id=\"attachment_319\" class=\"wp-caption aligncenter\" style=\"width: 160px;\"><a href=\"https:\/\/www.stahleckerhof.de\/feiern-tagen\/\"><img loading=\"lazy\" decoding=\"async\" class=\"size-thumbnail wp-image-319\" title=\"tolle Feste feiern im Stahlecker Hof\" src=\"https:\/\/www.stahleckerhof.de\/wordpress\/wp-content\/uploads\/2014\/05\/stahleckerhof_feiern01-150x150.jpg\" alt=\"Events and Conferences at Stahlecker Hof\" width=\"150\" height=\"150\" aria-describedby=\"caption-attachment-319\" \/><\/a><br \/>\n<a title=\"Feste feiern &amp; Seminare geben im Stahlecker Hof\" href=\"https:\/\/www.stahleckerhof.de\/feiern-tagen\/\">Events &amp; Conferences<\/a><\/div>\n<\/div>\n<\/div><\/div>\n<div style=\"clear: both;\"><div class=\"tx-row \">\n<div class=\"tx-column tx-column-size-3-4\">\n<p style=\"text-align: left;\">For many generations, <strong>Stahleck<\/strong> has been a well known and <strong>beloved destination<\/strong>. Stahleck is idyllically located on the edge of the <strong>biospheric area<\/strong> of the \u201eschw\u00e4bische Alb\u201c, right between the villages of Lichtenstein-Holzelfingen and St. Johann Ohnastetten.<\/p>\n<p style=\"text-align: left;\">\u00a0<\/p>\n<p style=\"text-align: left;\"><img loading=\"lazy\" decoding=\"async\" class=\"wp-image-3839 size-full alignleft\" style=\"margin-top: 1px; margin-right: 15px;\" title=\"T\u00e4glich ab 11 Uhr ge\u00f6ffnet - Dienstag Ruhetag\" src=\"https:\/\/www.stahleckerhof.de\/wordpress\/wp-content\/uploads\/2025\/07\/stempel-do-mon-eng.png\" alt=\"\" width=\"250\" height=\"250\" srcset=\"https:\/\/www.stahleckerhof.de\/wordpress\/wp-content\/uploads\/2025\/07\/stempel-do-mon-eng.png 250w, https:\/\/www.stahleckerhof.de\/wordpress\/wp-content\/uploads\/2025\/07\/stempel-do-mon-eng-150x150.png 150w\" sizes=\"auto, (max-width: 250px) 100vw, 250px\" \/><\/p>\n<p style=\"text-align: left;\">\n\u00a0<br \/>\nWe offer regional <strong><a href=\"https:\/\/www.stahleckerhof.de\/regionale-kueche-geniessen\/\">specialties, Swabian classics<\/a><\/strong>,and home-baked cakes all day long. Our restaurant has a capacity of up to 170 seats which makes it the perfect location <strong><a href=\"https:\/\/www.stahleckerhof.de\/feiern-tagen\/\">for your event<\/a><\/strong> (weddings, birthdays, etc.), or simply to relax on our large, <strong>sunny terrace<\/strong> \/ beer garden and take in the beautiful view of the surrounding landscape.<\/p>\n<p><span class=\"opentime\"><br \/>\n<\/span><span class=\"opentime\">Kitchen opening hours: <\/span> <div style=\"width:450px\" id=\"mtphr-dnt-1761\" class=\"mtphr-dnt mtphr-dnt-1761 mtphr-dnt-default mtphr-dnt-scroll mtphr-dnt-scroll-left\"><div class=\"mtphr-dnt-wrapper mtphr-dnt-clearfix\"><div class=\"mtphr-dnt-tick-container\" style=\"padding-top:8px;padding-bottom:8px;\"><div class=\"mtphr-dnt-tick-contents\"><div style=\"white-space:normal;width:500px;height:40px;\" class=\"mtphr-dnt-tick mtphr-dnt-default-tick mtphr-dnt-clearfix \"><span class=\"opentime\">Thu to Mon \/ nat holiday 11:30 am to 8:00 pm<\/span><\/div><\/div><\/div><\/div><\/div>\n<p>There are of course <strong>enough parking spots<\/strong> for cars, as well as for 2 coaches. And maybe you won&#8217;t want to leave at all? For a quiet and <a href=\"https:\/\/www.stahleckerhof.de\/gaestezimmer-uebernachtungen\/\"><strong>comfortable night<\/strong><\/a>, check in in one of our 17 rooms.<\/p>\n<p style=\"text-align: left;\">If you would like to make a reservation for our restaurant<br \/>\nor book a room please <span class=\"tisch\">call +49 7122-9427<\/span><\/p>\n<p style=\"text-align: left;\"><strong>When may we welcome you at Stahleck??<\/strong><\/p>\n<\/div>\n<div class=\"tx-column tx-column-size-1-4\">\n<div style=\"align: right;\">\n<p style=\"margin-left: 20px;\"><a title=\"Stahlecker Hof - three star gold award\" href=\"https:\/\/www.stahleckerhof.de\/ausgezeichnet\/\" rel=\"noopener noreferrer\"><img loading=\"lazy\" decoding=\"async\" class=\"wp-image-3642 size-full alignleft\" src=\"https:\/\/www.stahleckerhof.de\/wordpress\/wp-content\/uploads\/2023\/08\/3-sterne-155-1.png\" alt=\"\" width=\"155\" height=\"108\" \/><\/a><\/p>\n<\/div>\n<div style=\"align: right;\">\n<p style=\"margin-left: 20px;\"><a title=\"Stahlecker Hof - 360 Views\" href=\"https:\/\/data.system360gmbh.de\/vrs_tour\/stahleckerhof\/\" target=\"_blank\" rel=\"noopener noreferrer\"><img loading=\"lazy\" decoding=\"async\" class=\"alignnone wp-image-2091 size-full\" src=\"https:\/\/www.stahleckerhof.de\/wordpress\/wp-content\/uploads\/2023\/03\/360-views.jpg\" alt=\"\" width=\"152\" height=\"159\" \/><\/a><\/p>\n<\/div>\n<\/div>\n<\/div><\/div>\n<\/div>\n<div>\u00a0<\/div>\n<p>&nbsp;<\/p>\n<p>&nbsp;<\/p>\n<div>\u00a0<\/div>\n<div>\u00a0<\/div>\n<p>&nbsp;<\/p>\n<p>&nbsp;<\/p>\n<div>\n<div style=\"clear: both;\"><div class=\"tx-row \">\n<div class=\"tx-column tx-column-size-\">\n<div id=\"attachment_79\" class=\"wp-caption aligncenter\" style=\"width: 160px;\"><a href=\"https:\/\/www.stahleckerhof.de\/kiosk-speisekarte\/\"><img loading=\"lazy\" decoding=\"async\" class=\"size-thumbnail wp-image-79\" title=\" Enjoy Swabian cuisine at Stahlecker Hof\" src=\"https:\/\/www.stahleckerhof.de\/wordpress\/wp-content\/uploads\/2014\/05\/47_Stahleckerhof_Lammbraten_4-14.jpg\" alt=\"Enjoy Swabian cuisine at Stahlecker Hof\" width=\"150\" height=\"150\" aria-describedby=\"caption-attachment-79\" \/> <br \/>\nFood<\/a><\/div>\n<\/div>\n<div class=\"tx-column tx-column-size-\">\n<div id=\"attachment_1085\" class=\"wp-caption aligncenter\" style=\"width: 160px;\"><a href=\"https:\/\/www.stahleckerhof.de\/gaestezimmer-uebernachtungen\/\"><img loading=\"lazy\" decoding=\"async\" class=\"wp-image-1085 size-thumbnail\" title=\"Hotel Stahlecker Hof\" src=\"https:\/\/www.stahleckerhof.de\/wordpress\/wp-content\/uploads\/2016\/02\/gaestezimmer_doppelbett_stahlecker_hof-150x150.jpg\" alt=\"G\u00e4stezimmer im Stahlecker Hof\" width=\"150\" height=\"150\" aria-describedby=\"caption-attachment-1085\" \/><\/a><br \/>\n<a title=\"\u00dcbernachten auf dem Stahlecker Hof\" href=\"https:\/\/www.stahleckerhof.de\/gaestezimmer-uebernachtungen\/\">Hotel<\/a><\/div>\n<\/div>\n<div class=\"tx-column tx-column-size-\">\n<div id=\"attachment_1085\" class=\"wp-caption aligncenter\" style=\"width: 160px;\"><a title=\"Stahlecker Hof - Schwaebische Alb Ehrengasthaus\" href=\"https:\/\/www.stahleckerhof.de\/en\/gaestezimmer-online-buchen\/\" target=\"_blank\" rel=\"noopener noreferrer\"><img loading=\"lazy\" decoding=\"async\" class=\"aligncenter wp-image-1885 size-full\" src=\"https:\/\/www.stahleckerhof.de\/wordpress\/wp-content\/uploads\/2020\/01\/online-reservieren_en.jpg\" alt=\"\" width=\"150\" height=\"180\" \/><\/a><\/div>\n<\/div>\n<div class=\"tx-column tx-column-size-\">\n<div id=\"attachment_409\" class=\"wp-caption aligncenter\" style=\"width: 160px;\"><a href=\"https:\/\/www.stahleckerhof.de\/grillhuette\/\"><img loading=\"lazy\" decoding=\"async\" class=\"aligncenter size-full wp-image-852\" src=\"https:\/\/www.stahleckerhof.de\/wordpress\/wp-content\/uploads\/2019\/01\/grillhuette-2018-21.jpg\" alt=\"BBQ\" width=\"150\" height=\"150\" aria-describedby=\"caption-attachment-409\" \/><\/a><br \/>\n<a title=\"BBQ - Stahlecker Hof\" href=\"https:\/\/www.stahleckerhof.de\/grillhuette\/\">BBQ<\/a><\/div>\n<\/div>\n<div class=\"tx-column tx-column-size-\">\n<div id=\"attachment_319\" class=\"wp-caption aligncenter\" style=\"width: 160px;\"><a href=\"https:\/\/www.stahleckerhof.de\/feiern-tagen\/\"><img loading=\"lazy\" decoding=\"async\" class=\"size-thumbnail wp-image-319\" title=\"tolle Feste feiern im Stahlecker Hof\" src=\"https:\/\/www.stahleckerhof.de\/wordpress\/wp-content\/uploads\/2014\/05\/stahleckerhof_feiern01-150x150.jpg\" alt=\"Events and Conferences at Stahlecker Hof\" width=\"150\" height=\"150\" aria-describedby=\"caption-attachment-319\" \/><\/a><br \/>\n<a title=\"Feste feiern &amp; Seminare geben im Stahlecker Hof\" href=\"https:\/\/www.stahleckerhof.de\/feiern-tagen\/\">Events &amp; Conferences<\/a><\/div>\n<\/div>\n<\/div><\/div>\n<div style=\"clear: both;\"><div class=\"tx-row \">\n<div class=\"tx-column tx-column-size-3-4\">\n<p style=\"text-align: left;\">For many generations, <strong>Stahleck<\/strong> has been a well known and <strong>beloved destination<\/strong>. Stahleck is idyllically located on the edge of the <strong>biospheric area<\/strong> of the \u201eschw\u00e4bische Alb\u201c, right between the villages of Lichtenstein-Holzelfingen and St. Johann Ohnastetten.<\/p>\n<p style=\"text-align: left;\">\u00a0<\/p>\n<p style=\"text-align: left;\"><img loading=\"lazy\" decoding=\"async\" class=\"wp-image-3839 size-full alignleft\" style=\"margin-top: 1px; margin-right: 15px;\" title=\"T\u00e4glich ab 11 Uhr ge\u00f6ffnet - Dienstag Ruhetag\" src=\"https:\/\/www.stahleckerhof.de\/wordpress\/wp-content\/uploads\/2025\/07\/stempel-do-mon-eng.png\" alt=\"\" width=\"250\" height=\"250\" srcset=\"https:\/\/www.stahleckerhof.de\/wordpress\/wp-content\/uploads\/2025\/07\/stempel-do-mon-eng.png 250w, https:\/\/www.stahleckerhof.de\/wordpress\/wp-content\/uploads\/2025\/07\/stempel-do-mon-eng-150x150.png 150w\" sizes=\"auto, (max-width: 250px) 100vw, 250px\" \/><\/p>\n<p style=\"text-align: left;\">\n\u00a0<br \/>\nWe offer regional <strong><a href=\"https:\/\/www.stahleckerhof.de\/regionale-kueche-geniessen\/\">specialties, Swabian classics<\/a><\/strong>,and home-baked cakes all day long. Our restaurant has a capacity of up to 170 seats which makes it the perfect location <strong><a href=\"https:\/\/www.stahleckerhof.de\/feiern-tagen\/\">for your event<\/a><\/strong> (weddings, birthdays, etc.), or simply to relax on our large, <strong>sunny terrace<\/strong> \/ beer garden and take in the beautiful view of the surrounding landscape.<\/p>\n<p><span class=\"opentime\"><br \/>\n<\/span><span class=\"opentime\">Kitchen opening hours: <\/span> <div style=\"width:450px\" id=\"mtphr-dnt-1761\" class=\"mtphr-dnt mtphr-dnt-1761 mtphr-dnt-default mtphr-dnt-scroll mtphr-dnt-scroll-left\"><div class=\"mtphr-dnt-wrapper mtphr-dnt-clearfix\"><div class=\"mtphr-dnt-tick-container\" style=\"padding-top:8px;padding-bottom:8px;\"><div class=\"mtphr-dnt-tick-contents\"><div style=\"white-space:normal;width:500px;height:40px;\" class=\"mtphr-dnt-tick mtphr-dnt-default-tick mtphr-dnt-clearfix \"><span class=\"opentime\">Thu to Mon \/ nat holiday 11:30 am to 8:00 pm<\/span><\/div><\/div><\/div><\/div><\/div>\n<p>There are of course <strong>enough parking spots<\/strong> for cars, as well as for 2 coaches. And maybe you won&#8217;t want to leave at all? For a quiet and <a href=\"https:\/\/www.stahleckerhof.de\/gaestezimmer-uebernachtungen\/\"><strong>comfortable night<\/strong><\/a>, check in in one of our 17 rooms.<\/p>\n<p style=\"text-align: left;\">If you would like to make a reservation for our restaurant<br \/>\nor book a room please <span class=\"tisch\">call +49 7122-9427<\/span><\/p>\n<p style=\"text-align: left;\"><strong>When may we welcome you at Stahleck??<\/strong><\/p>\n<\/div>\n<div class=\"tx-column tx-column-size-1-4\">\n<div style=\"align: right;\">\n<p style=\"margin-left: 20px;\"><a title=\"Stahlecker Hof - three star gold award\" href=\"https:\/\/www.stahleckerhof.de\/ausgezeichnet\/\" rel=\"noopener noreferrer\"><img loading=\"lazy\" decoding=\"async\" class=\"wp-image-3642 size-full alignleft\" src=\"https:\/\/www.stahleckerhof.de\/wordpress\/wp-content\/uploads\/2023\/08\/3-sterne-155-1.png\" alt=\"\" width=\"155\" height=\"108\" \/><\/a><\/p>\n<\/div>\n<div style=\"align: right;\">\n<p style=\"margin-left: 20px;\"><a title=\"Stahlecker Hof - 360 Views\" href=\"https:\/\/data.system360gmbh.de\/vrs_tour\/stahleckerhof\/\" target=\"_blank\" rel=\"noopener noreferrer\"><img loading=\"lazy\" decoding=\"async\" class=\"alignnone wp-image-2091 size-full\" src=\"https:\/\/www.stahleckerhof.de\/wordpress\/wp-content\/uploads\/2023\/03\/360-views.jpg\" alt=\"\" width=\"152\" height=\"159\" \/><\/a><\/p>\n<\/div>\n<\/div>\n<\/div><\/div>\n<\/div>\n<div>\u00a0<\/div>\n<p>&nbsp;<\/p>\n<p>&nbsp;<\/p>\n<div>\u00a0<\/div>\n<div>\u00a0<\/div>\n<\/p>\n<p>&nbsp;<\/p>\n<div>\n<div style=\"clear: both;\"><div class=\"tx-row \">\n<div class=\"tx-column tx-column-size-\">\n<div id=\"attachment_79\" class=\"wp-caption aligncenter\" style=\"width: 160px;\"><a href=\"https:\/\/www.stahleckerhof.de\/kiosk-speisekarte\/\"><img loading=\"lazy\" decoding=\"async\" class=\"size-thumbnail wp-image-79\" title=\" Enjoy Swabian cuisine at Stahlecker Hof\" src=\"https:\/\/www.stahleckerhof.de\/wordpress\/wp-content\/uploads\/2014\/05\/47_Stahleckerhof_Lammbraten_4-14.jpg\" alt=\"Enjoy Swabian cuisine at Stahlecker Hof\" width=\"150\" height=\"150\" aria-describedby=\"caption-attachment-79\" \/> <br \/>\nFood<\/a><\/div>\n<\/div>\n<div class=\"tx-column tx-column-size-\">\n<div id=\"attachment_1085\" class=\"wp-caption aligncenter\" style=\"width: 160px;\"><a href=\"https:\/\/www.stahleckerhof.de\/gaestezimmer-uebernachtungen\/\"><img loading=\"lazy\" decoding=\"async\" class=\"wp-image-1085 size-thumbnail\" title=\"Hotel Stahlecker Hof\" src=\"https:\/\/www.stahleckerhof.de\/wordpress\/wp-content\/uploads\/2016\/02\/gaestezimmer_doppelbett_stahlecker_hof-150x150.jpg\" alt=\"G\u00e4stezimmer im Stahlecker Hof\" width=\"150\" height=\"150\" aria-describedby=\"caption-attachment-1085\" \/><\/a><br \/>\n<a title=\"\u00dcbernachten auf dem Stahlecker Hof\" href=\"https:\/\/www.stahleckerhof.de\/gaestezimmer-uebernachtungen\/\">Hotel<\/a><\/div>\n<\/div>\n<div class=\"tx-column tx-column-size-\">\n<div id=\"attachment_1085\" class=\"wp-caption aligncenter\" style=\"width: 160px;\"><a title=\"Stahlecker Hof - Schwaebische Alb Ehrengasthaus\" href=\"https:\/\/www.stahleckerhof.de\/en\/gaestezimmer-online-buchen\/\" target=\"_blank\" rel=\"noopener noreferrer\"><img loading=\"lazy\" decoding=\"async\" class=\"aligncenter wp-image-1885 size-full\" src=\"https:\/\/www.stahleckerhof.de\/wordpress\/wp-content\/uploads\/2020\/01\/online-reservieren_en.jpg\" alt=\"\" width=\"150\" height=\"180\" \/><\/a><\/div>\n<\/div>\n<div class=\"tx-column tx-column-size-\">\n<div id=\"attachment_409\" class=\"wp-caption aligncenter\" style=\"width: 160px;\"><a href=\"https:\/\/www.stahleckerhof.de\/grillhuette\/\"><img loading=\"lazy\" decoding=\"async\" class=\"aligncenter size-full wp-image-852\" src=\"https:\/\/www.stahleckerhof.de\/wordpress\/wp-content\/uploads\/2019\/01\/grillhuette-2018-21.jpg\" alt=\"BBQ\" width=\"150\" height=\"150\" aria-describedby=\"caption-attachment-409\" \/><\/a><br \/>\n<a title=\"BBQ - Stahlecker Hof\" href=\"https:\/\/www.stahleckerhof.de\/grillhuette\/\">BBQ<\/a><\/div>\n<\/div>\n<div class=\"tx-column tx-column-size-\">\n<div id=\"attachment_319\" class=\"wp-caption aligncenter\" style=\"width: 160px;\"><a href=\"https:\/\/www.stahleckerhof.de\/feiern-tagen\/\"><img loading=\"lazy\" decoding=\"async\" class=\"size-thumbnail wp-image-319\" title=\"tolle Feste feiern im Stahlecker Hof\" src=\"https:\/\/www.stahleckerhof.de\/wordpress\/wp-content\/uploads\/2014\/05\/stahleckerhof_feiern01-150x150.jpg\" alt=\"Events and Conferences at Stahlecker Hof\" width=\"150\" height=\"150\" aria-describedby=\"caption-attachment-319\" \/><\/a><br \/>\n<a title=\"Feste feiern &amp; Seminare geben im Stahlecker Hof\" href=\"https:\/\/www.stahleckerhof.de\/feiern-tagen\/\">Events &amp; Conferences<\/a><\/div>\n<\/div>\n<\/div><\/div>\n<div style=\"clear: both;\"><div class=\"tx-row \">\n<div class=\"tx-column tx-column-size-3-4\">\n<p style=\"text-align: left;\">For many generations, <strong>Stahleck<\/strong> has been a well known and <strong>beloved destination<\/strong>. Stahleck is idyllically located on the edge of the <strong>biospheric area<\/strong> of the \u201eschw\u00e4bische Alb\u201c, right between the villages of Lichtenstein-Holzelfingen and St. Johann Ohnastetten.<\/p>\n<p style=\"text-align: left;\">\u00a0<\/p>\n<p style=\"text-align: left;\"><img loading=\"lazy\" decoding=\"async\" class=\"wp-image-3839 size-full alignleft\" style=\"margin-top: 1px; margin-right: 15px;\" title=\"T\u00e4glich ab 11 Uhr ge\u00f6ffnet - Dienstag Ruhetag\" src=\"https:\/\/www.stahleckerhof.de\/wordpress\/wp-content\/uploads\/2025\/07\/stempel-do-mon-eng.png\" alt=\"\" width=\"250\" height=\"250\" srcset=\"https:\/\/www.stahleckerhof.de\/wordpress\/wp-content\/uploads\/2025\/07\/stempel-do-mon-eng.png 250w, https:\/\/www.stahleckerhof.de\/wordpress\/wp-content\/uploads\/2025\/07\/stempel-do-mon-eng-150x150.png 150w\" sizes=\"auto, (max-width: 250px) 100vw, 250px\" \/><\/p>\n<p style=\"text-align: left;\">\n\u00a0<br \/>\nWe offer regional <strong><a href=\"https:\/\/www.stahleckerhof.de\/regionale-kueche-geniessen\/\">specialties, Swabian classics<\/a><\/strong>,and home-baked cakes all day long. Our restaurant has a capacity of up to 170 seats which makes it the perfect location <strong><a href=\"https:\/\/www.stahleckerhof.de\/feiern-tagen\/\">for your event<\/a><\/strong> (weddings, birthdays, etc.), or simply to relax on our large, <strong>sunny terrace<\/strong> \/ beer garden and take in the beautiful view of the surrounding landscape.<\/p>\n<p><span class=\"opentime\"><br \/>\n<\/span><span class=\"opentime\">Kitchen opening hours: <\/span> <div style=\"width:450px\" id=\"mtphr-dnt-1761\" class=\"mtphr-dnt mtphr-dnt-1761 mtphr-dnt-default mtphr-dnt-scroll mtphr-dnt-scroll-left\"><div class=\"mtphr-dnt-wrapper mtphr-dnt-clearfix\"><div class=\"mtphr-dnt-tick-container\" style=\"padding-top:8px;padding-bottom:8px;\"><div class=\"mtphr-dnt-tick-contents\"><div style=\"white-space:normal;width:500px;height:40px;\" class=\"mtphr-dnt-tick mtphr-dnt-default-tick mtphr-dnt-clearfix \"><span class=\"opentime\">Thu to Mon \/ nat holiday 11:30 am to 8:00 pm<\/span><\/div><\/div><\/div><\/div><\/div>\n<p>There are of course <strong>enough parking spots<\/strong> for cars, as well as for 2 coaches. And maybe you won&#8217;t want to leave at all? For a quiet and <a href=\"https:\/\/www.stahleckerhof.de\/gaestezimmer-uebernachtungen\/\"><strong>comfortable night<\/strong><\/a>, check in in one of our 17 rooms.<\/p>\n<p style=\"text-align: left;\">If you would like to make a reservation for our restaurant<br \/>\nor book a room please <span class=\"tisch\">call +49 7122-9427<\/span><\/p>\n<p style=\"text-align: left;\"><strong>When may we welcome you at Stahleck??<\/strong><\/p>\n<\/div>\n<div class=\"tx-column tx-column-size-1-4\">\n<div style=\"align: right;\">\n<p style=\"margin-left: 20px;\"><a title=\"Stahlecker Hof - three star gold award\" href=\"https:\/\/www.stahleckerhof.de\/ausgezeichnet\/\" rel=\"noopener noreferrer\"><img loading=\"lazy\" decoding=\"async\" class=\"wp-image-3642 size-full alignleft\" src=\"https:\/\/www.stahleckerhof.de\/wordpress\/wp-content\/uploads\/2023\/08\/3-sterne-155-1.png\" alt=\"\" width=\"155\" height=\"108\" \/><\/a><\/p>\n<\/div>\n<div style=\"align: right;\">\n<p style=\"margin-left: 20px;\"><a title=\"Stahlecker Hof - 360 Views\" href=\"https:\/\/data.system360gmbh.de\/vrs_tour\/stahleckerhof\/\" target=\"_blank\" rel=\"noopener noreferrer\"><img loading=\"lazy\" decoding=\"async\" class=\"alignnone wp-image-2091 size-full\" src=\"https:\/\/www.stahleckerhof.de\/wordpress\/wp-content\/uploads\/2023\/03\/360-views.jpg\" alt=\"\" width=\"152\" height=\"159\" \/><\/a><\/p>\n<\/div>\n<\/div>\n<\/div><\/div>\n<\/div>\n<div>\u00a0<\/div>\n<p>&nbsp;<\/p>\n<p>&nbsp;<\/p>\n<div>\u00a0<\/div>\n<div>\u00a0<\/div>\n<\/p>\n<p>&nbsp;<\/p>\n<div>\n<div style=\"clear: both;\"><div class=\"tx-row \">\n<div class=\"tx-column tx-column-size-\">\n<div id=\"attachment_79\" class=\"wp-caption aligncenter\" style=\"width: 160px;\"><a href=\"https:\/\/www.stahleckerhof.de\/kiosk-speisekarte\/\"><img loading=\"lazy\" decoding=\"async\" class=\"size-thumbnail wp-image-79\" title=\" Enjoy Swabian cuisine at Stahlecker Hof\" src=\"https:\/\/www.stahleckerhof.de\/wordpress\/wp-content\/uploads\/2014\/05\/47_Stahleckerhof_Lammbraten_4-14.jpg\" alt=\"Enjoy Swabian cuisine at Stahlecker Hof\" width=\"150\" height=\"150\" aria-describedby=\"caption-attachment-79\" \/> <br \/>\nFood<\/a><\/div>\n<\/div>\n<div class=\"tx-column tx-column-size-\">\n<div id=\"attachment_1085\" class=\"wp-caption aligncenter\" style=\"width: 160px;\"><a href=\"https:\/\/www.stahleckerhof.de\/gaestezimmer-uebernachtungen\/\"><img loading=\"lazy\" decoding=\"async\" class=\"wp-image-1085 size-thumbnail\" title=\"Hotel Stahlecker Hof\" src=\"https:\/\/www.stahleckerhof.de\/wordpress\/wp-content\/uploads\/2016\/02\/gaestezimmer_doppelbett_stahlecker_hof-150x150.jpg\" alt=\"G\u00e4stezimmer im Stahlecker Hof\" width=\"150\" height=\"150\" aria-describedby=\"caption-attachment-1085\" \/><\/a><br \/>\n<a title=\"\u00dcbernachten auf dem Stahlecker Hof\" href=\"https:\/\/www.stahleckerhof.de\/gaestezimmer-uebernachtungen\/\">Hotel<\/a><\/div>\n<\/div>\n<div class=\"tx-column tx-column-size-\">\n<div id=\"attachment_1085\" class=\"wp-caption aligncenter\" style=\"width: 160px;\"><a title=\"Stahlecker Hof - Schwaebische Alb Ehrengasthaus\" href=\"https:\/\/www.stahleckerhof.de\/en\/gaestezimmer-online-buchen\/\" target=\"_blank\" rel=\"noopener noreferrer\"><img loading=\"lazy\" decoding=\"async\" class=\"aligncenter wp-image-1885 size-full\" src=\"https:\/\/www.stahleckerhof.de\/wordpress\/wp-content\/uploads\/2020\/01\/online-reservieren_en.jpg\" alt=\"\" width=\"150\" height=\"180\" \/><\/a><\/div>\n<\/div>\n<div class=\"tx-column tx-column-size-\">\n<div id=\"attachment_409\" class=\"wp-caption aligncenter\" style=\"width: 160px;\"><a href=\"https:\/\/www.stahleckerhof.de\/grillhuette\/\"><img loading=\"lazy\" decoding=\"async\" class=\"aligncenter size-full wp-image-852\" src=\"https:\/\/www.stahleckerhof.de\/wordpress\/wp-content\/uploads\/2019\/01\/grillhuette-2018-21.jpg\" alt=\"BBQ\" width=\"150\" height=\"150\" aria-describedby=\"caption-attachment-409\" \/><\/a><br \/>\n<a title=\"BBQ - Stahlecker Hof\" href=\"https:\/\/www.stahleckerhof.de\/grillhuette\/\">BBQ<\/a><\/div>\n<\/div>\n<div class=\"tx-column tx-column-size-\">\n<div id=\"attachment_319\" class=\"wp-caption aligncenter\" style=\"width: 160px;\"><a href=\"https:\/\/www.stahleckerhof.de\/feiern-tagen\/\"><img loading=\"lazy\" decoding=\"async\" class=\"size-thumbnail wp-image-319\" title=\"tolle Feste feiern im Stahlecker Hof\" src=\"https:\/\/www.stahleckerhof.de\/wordpress\/wp-content\/uploads\/2014\/05\/stahleckerhof_feiern01-150x150.jpg\" alt=\"Events and Conferences at Stahlecker Hof\" width=\"150\" height=\"150\" aria-describedby=\"caption-attachment-319\" \/><\/a><br \/>\n<a title=\"Feste feiern &amp; Seminare geben im Stahlecker Hof\" href=\"https:\/\/www.stahleckerhof.de\/feiern-tagen\/\">Events &amp; Conferences<\/a><\/div>\n<\/div>\n<\/div><\/div>\n<div style=\"clear: both;\"><div class=\"tx-row \">\n<div class=\"tx-column tx-column-size-3-4\">\n<p style=\"text-align: left;\">For many generations, <strong>Stahleck<\/strong> has been a well known and <strong>beloved destination<\/strong>. Stahleck is idyllically located on the edge of the <strong>biospheric area<\/strong> of the \u201eschw\u00e4bische Alb\u201c, right between the villages of Lichtenstein-Holzelfingen and St. Johann Ohnastetten.<\/p>\n<p style=\"text-align: left;\">\u00a0<\/p>\n<p style=\"text-align: left;\"><img loading=\"lazy\" decoding=\"async\" class=\"wp-image-3839 size-full alignleft\" style=\"margin-top: 1px; margin-right: 15px;\" title=\"T\u00e4glich ab 11 Uhr ge\u00f6ffnet - Dienstag Ruhetag\" src=\"https:\/\/www.stahleckerhof.de\/wordpress\/wp-content\/uploads\/2025\/07\/stempel-do-mon-eng.png\" alt=\"\" width=\"250\" height=\"250\" srcset=\"https:\/\/www.stahleckerhof.de\/wordpress\/wp-content\/uploads\/2025\/07\/stempel-do-mon-eng.png 250w, https:\/\/www.stahleckerhof.de\/wordpress\/wp-content\/uploads\/2025\/07\/stempel-do-mon-eng-150x150.png 150w\" sizes=\"auto, (max-width: 250px) 100vw, 250px\" \/><\/p>\n<p style=\"text-align: left;\">\n\u00a0<br \/>\nWe offer regional <strong><a href=\"https:\/\/www.stahleckerhof.de\/regionale-kueche-geniessen\/\">specialties, Swabian classics<\/a><\/strong>,and home-baked cakes all day long. Our restaurant has a capacity of up to 170 seats which makes it the perfect location <strong><a href=\"https:\/\/www.stahleckerhof.de\/feiern-tagen\/\">for your event<\/a><\/strong> (weddings, birthdays, etc.), or simply to relax on our large, <strong>sunny terrace<\/strong> \/ beer garden and take in the beautiful view of the surrounding landscape.<\/p>\n<p><span class=\"opentime\"><br \/>\n<\/span><span class=\"opentime\">Kitchen opening hours: <\/span> <div style=\"width:450px\" id=\"mtphr-dnt-1761\" class=\"mtphr-dnt mtphr-dnt-1761 mtphr-dnt-default mtphr-dnt-scroll mtphr-dnt-scroll-left\"><div class=\"mtphr-dnt-wrapper mtphr-dnt-clearfix\"><div class=\"mtphr-dnt-tick-container\" style=\"padding-top:8px;padding-bottom:8px;\"><div class=\"mtphr-dnt-tick-contents\"><div style=\"white-space:normal;width:500px;height:40px;\" class=\"mtphr-dnt-tick mtphr-dnt-default-tick mtphr-dnt-clearfix \"><span class=\"opentime\">Thu to Mon \/ nat holiday 11:30 am to 8:00 pm<\/span><\/div><\/div><\/div><\/div><\/div>\n<p>There are of course <strong>enough parking spots<\/strong> for cars, as well as for 2 coaches. And maybe you won&#8217;t want to leave at all? For a quiet and <a href=\"https:\/\/www.stahleckerhof.de\/gaestezimmer-uebernachtungen\/\"><strong>comfortable night<\/strong><\/a>, check in in one of our 17 rooms.<\/p>\n<p style=\"text-align: left;\">If you would like to make a reservation for our restaurant<br \/>\nor book a room please <span class=\"tisch\">call +49 7122-9427<\/span><\/p>\n<p style=\"text-align: left;\"><strong>When may we welcome you at Stahleck??<\/strong><\/p>\n<\/div>\n<div class=\"tx-column tx-column-size-1-4\">\n<div style=\"align: right;\">\n<p style=\"margin-left: 20px;\"><a title=\"Stahlecker Hof - three star gold award\" href=\"https:\/\/www.stahleckerhof.de\/ausgezeichnet\/\" rel=\"noopener noreferrer\"><img loading=\"lazy\" decoding=\"async\" class=\"wp-image-3642 size-full alignleft\" src=\"https:\/\/www.stahleckerhof.de\/wordpress\/wp-content\/uploads\/2023\/08\/3-sterne-155-1.png\" alt=\"\" width=\"155\" height=\"108\" \/><\/a><\/p>\n<\/div>\n<div style=\"align: right;\">\n<p style=\"margin-left: 20px;\"><a title=\"Stahlecker Hof - 360 Views\" href=\"https:\/\/data.system360gmbh.de\/vrs_tour\/stahleckerhof\/\" target=\"_blank\" rel=\"noopener noreferrer\"><img loading=\"lazy\" decoding=\"async\" class=\"alignnone wp-image-2091 size-full\" src=\"https:\/\/www.stahleckerhof.de\/wordpress\/wp-content\/uploads\/2023\/03\/360-views.jpg\" alt=\"\" width=\"152\" height=\"159\" \/><\/a><\/p>\n<\/div>\n<\/div>\n<\/div><\/div>\n<\/div>\n<div>\u00a0<\/div>\n<p>&nbsp;<\/p>\n<p>&nbsp;<\/p>\n<div>\u00a0<\/div>\n<div>\u00a0<\/div>","protected":false},"excerpt":{"rendered":"<p>&nbsp; \u00a0 &nbsp; &nbsp; \u00a0 \u00a0 &nbsp; &nbsp; \u00a0 &nbsp; &nbsp; \u00a0 \u00a0 &nbsp; \u00a0 &nbsp; &nbsp; \u00a0 \u00a0 &nbsp; \u00a0 &nbsp; &nbsp; \u00a0 \u00a0<\/p>\n","protected":false},"author":1,"featured_media":0,"parent":0,"menu_order":0,"comment_status":"closed","ping_status":"closed","template":"","meta":{"footnotes":""},"class_list":["post-276","page","type-page","status-publish","hentry"],"yoast_head":"<!-- This site is optimized with the Yoast SEO plugin v26.6 - https:\/\/yoast.com\/wordpress\/plugins\/seo\/ -->\n<title>Gasthof Stahlecker Hof | Die Schw\u00e4bische Alb geniessen<\/title>\n<meta name=\"description\" content=\"Der Gasthof Stahlecker Hof liegt am Rande des Bisoph\u00e4rengebiet Schw\u00e4bische Alb. Geniessen Sie die &quot;Schw\u00e4bische K\u00fcche&quot; mit Erzeugnissen der Alb. Der ideale Gasthof f\u00fcr einen Ausflug auf der Schw\u00e4bischen Alb.\" \/>\n<meta name=\"robots\" content=\"index, follow, max-snippet:-1, max-image-preview:large, max-video-preview:-1\" \/>\n<link rel=\"canonical\" href=\"https:\/\/www.stahleckerhof.de\/\" \/>\n<meta property=\"og:locale\" content=\"en_US\" \/>\n<meta property=\"og:type\" content=\"article\" \/>\n<meta property=\"og:title\" content=\"Gasthof Stahlecker Hof | Die Schw\u00e4bische Alb geniessen\" \/>\n<meta property=\"og:description\" content=\"Der Gasthof Stahlecker Hof liegt am Rande des Bisoph\u00e4rengebiet Schw\u00e4bische Alb. Geniessen Sie die &quot;Schw\u00e4bische K\u00fcche&quot; mit Erzeugnissen der Alb. Der ideale Gasthof f\u00fcr einen Ausflug auf der Schw\u00e4bischen Alb.\" \/>\n<meta property=\"og:url\" content=\"https:\/\/www.stahleckerhof.de\/\" \/>\n<meta property=\"article:modified_time\" content=\"2026-03-18T14:08:50+00:00\" \/>\n<meta property=\"og:image\" content=\"https:\/\/www.stahleckerhof.de\/wordpress\/wp-content\/uploads\/2024\/02\/stahleckerhof_lammbraten_150.jpg\" \/>\n\t<meta property=\"og:image:width\" content=\"456\" \/>\n\t<meta property=\"og:image:height\" content=\"456\" \/>\n\t<meta property=\"og:image:type\" content=\"image\/jpeg\" \/>\n<meta name=\"twitter:card\" content=\"summary_large_image\" \/>\n<meta name=\"twitter:label1\" content=\"Est. reading time\" \/>\n\t<meta name=\"twitter:data1\" content=\"14 minutes\" \/>\n<script type=\"application\/ld+json\" class=\"yoast-schema-graph\">{\"@context\":\"https:\/\/schema.org\",\"@graph\":[{\"@type\":\"WebPage\",\"@id\":\"https:\/\/www.stahleckerhof.de\/\",\"url\":\"https:\/\/www.stahleckerhof.de\/\",\"name\":\"Gasthof Stahlecker Hof | Die Schw\u00e4bische Alb geniessen\",\"isPartOf\":{\"@id\":\"https:\/\/www.stahleckerhof.de\/#website\"},\"primaryImageOfPage\":{\"@id\":\"https:\/\/www.stahleckerhof.de\/#primaryimage\"},\"image\":{\"@id\":\"https:\/\/www.stahleckerhof.de\/#primaryimage\"},\"thumbnailUrl\":\"https:\/\/www.stahleckerhof.de\/wordpress\/wp-content\/uploads\/2024\/02\/stahleckerhof_lammbraten_150-150x150.jpg\",\"datePublished\":\"2014-05-15T15:28:07+00:00\",\"dateModified\":\"2026-03-18T14:08:50+00:00\",\"description\":\"Der Gasthof Stahlecker Hof liegt am Rande des Bisoph\u00e4rengebiet Schw\u00e4bische Alb. Geniessen Sie die \\\"Schw\u00e4bische K\u00fcche\\\" mit Erzeugnissen der Alb. Der ideale Gasthof f\u00fcr einen Ausflug auf der Schw\u00e4bischen Alb.\",\"breadcrumb\":{\"@id\":\"https:\/\/www.stahleckerhof.de\/#breadcrumb\"},\"inLanguage\":\"en-US\",\"potentialAction\":[{\"@type\":\"ReadAction\",\"target\":[\"https:\/\/www.stahleckerhof.de\/\"]}]},{\"@type\":\"ImageObject\",\"inLanguage\":\"en-US\",\"@id\":\"https:\/\/www.stahleckerhof.de\/#primaryimage\",\"url\":\"https:\/\/www.stahleckerhof.de\/wordpress\/wp-content\/uploads\/2024\/02\/stahleckerhof_lammbraten_150-150x150.jpg\",\"contentUrl\":\"https:\/\/www.stahleckerhof.de\/wordpress\/wp-content\/uploads\/2024\/02\/stahleckerhof_lammbraten_150-150x150.jpg\"},{\"@type\":\"BreadcrumbList\",\"@id\":\"https:\/\/www.stahleckerhof.de\/#breadcrumb\",\"itemListElement\":[{\"@type\":\"ListItem\",\"position\":1,\"name\":\"Home\",\"item\":\"https:\/\/www.stahleckerhof.de\/\"},{\"@type\":\"ListItem\",\"position\":2,\"name\":\"Ein Genuss auf der Schw\u00e4bischen Alb\"}]},{\"@type\":\"WebSite\",\"@id\":\"https:\/\/www.stahleckerhof.de\/#website\",\"url\":\"https:\/\/www.stahleckerhof.de\/\",\"name\":\"\",\"description\":\"\",\"potentialAction\":[{\"@type\":\"SearchAction\",\"target\":{\"@type\":\"EntryPoint\",\"urlTemplate\":\"https:\/\/www.stahleckerhof.de\/?s={search_term_string}\"},\"query-input\":{\"@type\":\"PropertyValueSpecification\",\"valueRequired\":true,\"valueName\":\"search_term_string\"}}],\"inLanguage\":\"en-US\"}]}<\/script>\n<!-- \/ Yoast SEO plugin. -->","yoast_head_json":{"title":"Gasthof Stahlecker Hof | Die Schw\u00e4bische Alb geniessen","description":"Der Gasthof Stahlecker Hof liegt am Rande des Bisoph\u00e4rengebiet Schw\u00e4bische Alb. Geniessen Sie die \"Schw\u00e4bische K\u00fcche\" mit Erzeugnissen der Alb. Der ideale Gasthof f\u00fcr einen Ausflug auf der Schw\u00e4bischen Alb.","robots":{"index":"index","follow":"follow","max-snippet":"max-snippet:-1","max-image-preview":"max-image-preview:large","max-video-preview":"max-video-preview:-1"},"canonical":"https:\/\/www.stahleckerhof.de\/","og_locale":"en_US","og_type":"article","og_title":"Gasthof Stahlecker Hof | Die Schw\u00e4bische Alb geniessen","og_description":"Der Gasthof Stahlecker Hof liegt am Rande des Bisoph\u00e4rengebiet Schw\u00e4bische Alb. Geniessen Sie die \"Schw\u00e4bische K\u00fcche\" mit Erzeugnissen der Alb. Der ideale Gasthof f\u00fcr einen Ausflug auf der Schw\u00e4bischen Alb.","og_url":"https:\/\/www.stahleckerhof.de\/","article_modified_time":"2026-03-18T14:08:50+00:00","og_image":[{"width":456,"height":456,"url":"https:\/\/www.stahleckerhof.de\/wordpress\/wp-content\/uploads\/2024\/02\/stahleckerhof_lammbraten_150.jpg","type":"image\/jpeg"}],"twitter_card":"summary_large_image","twitter_misc":{"Est. reading time":"14 minutes"},"schema":{"@context":"https:\/\/schema.org","@graph":[{"@type":"WebPage","@id":"https:\/\/www.stahleckerhof.de\/","url":"https:\/\/www.stahleckerhof.de\/","name":"Gasthof Stahlecker Hof | Die Schw\u00e4bische Alb geniessen","isPartOf":{"@id":"https:\/\/www.stahleckerhof.de\/#website"},"primaryImageOfPage":{"@id":"https:\/\/www.stahleckerhof.de\/#primaryimage"},"image":{"@id":"https:\/\/www.stahleckerhof.de\/#primaryimage"},"thumbnailUrl":"https:\/\/www.stahleckerhof.de\/wordpress\/wp-content\/uploads\/2024\/02\/stahleckerhof_lammbraten_150-150x150.jpg","datePublished":"2014-05-15T15:28:07+00:00","dateModified":"2026-03-18T14:08:50+00:00","description":"Der Gasthof Stahlecker Hof liegt am Rande des Bisoph\u00e4rengebiet Schw\u00e4bische Alb. Geniessen Sie die \"Schw\u00e4bische K\u00fcche\" mit Erzeugnissen der Alb. Der ideale Gasthof f\u00fcr einen Ausflug auf der Schw\u00e4bischen Alb.","breadcrumb":{"@id":"https:\/\/www.stahleckerhof.de\/#breadcrumb"},"inLanguage":"en-US","potentialAction":[{"@type":"ReadAction","target":["https:\/\/www.stahleckerhof.de\/"]}]},{"@type":"ImageObject","inLanguage":"en-US","@id":"https:\/\/www.stahleckerhof.de\/#primaryimage","url":"https:\/\/www.stahleckerhof.de\/wordpress\/wp-content\/uploads\/2024\/02\/stahleckerhof_lammbraten_150-150x150.jpg","contentUrl":"https:\/\/www.stahleckerhof.de\/wordpress\/wp-content\/uploads\/2024\/02\/stahleckerhof_lammbraten_150-150x150.jpg"},{"@type":"BreadcrumbList","@id":"https:\/\/www.stahleckerhof.de\/#breadcrumb","itemListElement":[{"@type":"ListItem","position":1,"name":"Home","item":"https:\/\/www.stahleckerhof.de\/"},{"@type":"ListItem","position":2,"name":"Ein Genuss auf der Schw\u00e4bischen Alb"}]},{"@type":"WebSite","@id":"https:\/\/www.stahleckerhof.de\/#website","url":"https:\/\/www.stahleckerhof.de\/","name":"","description":"","potentialAction":[{"@type":"SearchAction","target":{"@type":"EntryPoint","urlTemplate":"https:\/\/www.stahleckerhof.de\/?s={search_term_string}"},"query-input":{"@type":"PropertyValueSpecification","valueRequired":true,"valueName":"search_term_string"}}],"inLanguage":"en-US"}]}},"_links":{"self":[{"href":"https:\/\/www.stahleckerhof.de\/en\/wp-json\/wp\/v2\/pages\/276","targetHints":{"allow":["GET"]}}],"collection":[{"href":"https:\/\/www.stahleckerhof.de\/en\/wp-json\/wp\/v2\/pages"}],"about":[{"href":"https:\/\/www.stahleckerhof.de\/en\/wp-json\/wp\/v2\/types\/page"}],"author":[{"embeddable":true,"href":"https:\/\/www.stahleckerhof.de\/en\/wp-json\/wp\/v2\/users\/1"}],"replies":[{"embeddable":true,"href":"https:\/\/www.stahleckerhof.de\/en\/wp-json\/wp\/v2\/comments?post=276"}],"version-history":[{"count":54,"href":"https:\/\/www.stahleckerhof.de\/en\/wp-json\/wp\/v2\/pages\/276\/revisions"}],"predecessor-version":[{"id":3931,"href":"https:\/\/www.stahleckerhof.de\/en\/wp-json\/wp\/v2\/pages\/276\/revisions\/3931"}],"wp:attachment":[{"href":"https:\/\/www.stahleckerhof.de\/en\/wp-json\/wp\/v2\/media?parent=276"}],"curies":[{"name":"wp","href":"https:\/\/api.w.org\/{rel}","templated":true}]}}